{"id":51544,"date":"2023-10-10T11:08:33","date_gmt":"2023-10-10T11:08:33","guid":{"rendered":"https:\/\/vv-dev.webdev.is\/?post_type=product&#038;p=51544"},"modified":"2025-08-29T06:16:57","modified_gmt":"2025-08-29T06:16:57","slug":"bolichwerke-bremen-zylinder-veggljos-400-a-s","status":"publish","type":"product","link":"https:\/\/velarogverkfaeri.is\/en\/honnunarlausnir\/lampar\/vegglampar\/product\/bolichwerke-bremen-zylinder-veggljos-400-a-s\/","title":{"rendered":"BOLICHWERKE Bremen Zylinder Vegglampi 400 svart"},"content":{"rendered":"<p>Bolich Leuchten: Hef\u00f0 og framfarir \u2013 \u00feessir eiginleikar m\u00f3ta fj\u00f6lskyldurekna fyrirt\u00e6ki\u00f0 Bolichwerke fr\u00e1 Baden-W\u00fcrttemberg fr\u00e1 stofnun \u00feess \u00e1ri\u00f0 1911. \u00cd dag framlei\u00f0ir \u00feessi verksmi\u00f0ja, nefnd eftir stofnanda s\u00ednum Eugen Bolich, enn b\u00e6\u00f0i h\u00e1g\u00e6\u00f0a og hagn\u00fdtan i\u00f0na\u00f0arb\u00fana\u00f0, \u00fatilampa og l\u00fdsingu \u00ed klass\u00edskri h\u00f6nnun. Allar Bolich innr\u00e9ttingar eru me\u00f0 dufth\u00fa\u00f0a\u00f0ri \u00e1fer\u00f0. \u00deetta h\u00e1g\u00e6\u00f0a lakk er mun \u00f6flugra, endingargott og umhverfisv\u00e6nna en flest hef\u00f0bundin l\u00f6kk.<\/p>\n<p>Litur: Svartur<\/p>\n<p>Efni: kopar volkano<\/p>\n<p>Gler: gl\u00e6rt e\u00f0a sat\u00edn strokka gler<\/p>\n<p>Afl: E27 keramik innstunga allt a\u00f0 60 Watt e\u00f0a 100 Watt<\/p>\n<p>Verndarstig (samkv\u00e6mt Ingress Protection Rating): IP 54, vari\u00f0 gegn rigningu og skvettu \u00far \u00f6llum \u00e1ttum.<\/p>\n<p><b>M\u00e6lingar:<\/b><\/p>\n<p>\u00deverm\u00e1l skerms: 400 mm<b><br \/><\/b><\/p>\n<p>\u00deverm\u00e1l glers: 100mm bv. 110 mm<\/p>\n<p>\u00deverm\u00e1l endurskinsmerkis: 250 mm e\u00f0a 300 mm<\/p>\n<p>N\u00e6r fr\u00e1 vegg: 375 mm (fyrir 250 mm skugga), 400 mm (fyrir 300 mm skugga)<\/p>","protected":false},"excerpt":{"rendered":"<p>Tegund:&nbsp;400 A\/S W1600<\/p>\n<p>ATH a\u00f0eins 2 stk til \u00e1 lager<\/p>\n<p>B\u00e6\u00f0i inni- og \u00fatilj\u00f3s!<\/p>","protected":false},"featured_media":61444,"comment_status":"closed","ping_status":"closed","template":"","meta":[],"product_brand":[],"product_cat":[518,546,932,578],"product_tag":[],"class_list":{"0":"post-51544","1":"product","2":"type-product","3":"status-publish","4":"has-post-thumbnail","6":"product_cat-honnunarlausnir","7":"product_cat-lampar","8":"product_cat-utiljos","9":"product_cat-vegglampar","11":"first","12":"instock","13":"taxable","14":"shipping-taxable","15":"purchasable","16":"product-type-simple"},"yoast_head":"<!-- This site is optimized with the Yoast SEO plugin v27.3 - https:\/\/yoast.com\/product\/yoast-seo-wordpress\/ -->\n<title>BOLICHWERKE Bremen Zylinder Vegglampi 400 svart - V\u00e9lar &amp; Verkf\u00e6ri<\/title>\n<meta name=\"robots\" content=\"index, follow, max-snippet:-1, max-image-preview:large, max-video-preview:-1\" \/>\n<link rel=\"canonical\" href=\"https:\/\/velarogverkfaeri.is\/en\/honnunarlausnir\/lampar\/vegglampar\/product\/bolichwerke-bremen-zylinder-veggljos-400-a-s\/\" \/>\n<meta property=\"og:locale\" content=\"en_US\" \/>\n<meta property=\"og:type\" content=\"article\" \/>\n<meta property=\"og:title\" content=\"BOLICHWERKE Bremen Zylinder Vegglampi 400 svart - V\u00e9lar &amp; Verkf\u00e6ri\" \/>\n<meta property=\"og:description\" content=\"Tegund:&nbsp;400 A\/S W1600ATH a\u00f0eins 2 stk til \u00e1 lagerB\u00e6\u00f0i inni- og \u00fatilj\u00f3s!\" \/>\n<meta property=\"og:url\" content=\"https:\/\/velarogverkfaeri.is\/en\/honnunarlausnir\/lampar\/vegglampar\/product\/bolichwerke-bremen-zylinder-veggljos-400-a-s\/\" \/>\n<meta property=\"og:site_name\" content=\"V\u00e9lar &amp; Verkf\u00e6ri\" \/>\n<meta property=\"article:publisher\" content=\"https:\/\/www.facebook.com\/VelarOgVerkfaeri\" \/>\n<meta property=\"article:modified_time\" content=\"2025-08-29T06:16:57+00:00\" \/>\n<meta property=\"og:image\" content=\"https:\/\/velarogverkfaeri.is\/wp-content\/uploads\/2024\/06\/401eaf6a-d38a-485c-b683-43e0ab541e4a.jpg\" \/>\n\t<meta property=\"og:image:width\" content=\"533\" \/>\n\t<meta property=\"og:image:height\" content=\"485\" \/>\n\t<meta property=\"og:image:type\" content=\"image\/jpeg\" \/>\n<meta name=\"twitter:card\" content=\"summary_large_image\" \/>\n<meta name=\"twitter:label1\" content=\"Est. reading time\" \/>\n\t<meta name=\"twitter:data1\" content=\"1 minute\" \/>\n<script type=\"application\/ld+json\" class=\"yoast-schema-graph\">{\"@context\":\"https:\\\/\\\/schema.org\",\"@graph\":[{\"@type\":\"WebPage\",\"@id\":\"https:\\\/\\\/velarogverkfaeri.is\\\/honnunarlausnir\\\/lampar\\\/vegglampar\\\/product\\\/bolichwerke-bremen-zylinder-veggljos-400-a-s\\\/\",\"url\":\"https:\\\/\\\/velarogverkfaeri.is\\\/honnunarlausnir\\\/lampar\\\/vegglampar\\\/product\\\/bolichwerke-bremen-zylinder-veggljos-400-a-s\\\/\",\"name\":\"BOLICHWERKE Bremen Zylinder Vegglampi 400 svart - V\u00e9lar &amp; Verkf\u00e6ri\",\"isPartOf\":{\"@id\":\"https:\\\/\\\/velarogverkfaeri.is\\\/en\\\/#website\"},\"primaryImageOfPage\":{\"@id\":\"https:\\\/\\\/velarogverkfaeri.is\\\/honnunarlausnir\\\/lampar\\\/vegglampar\\\/product\\\/bolichwerke-bremen-zylinder-veggljos-400-a-s\\\/#primaryimage\"},\"image\":{\"@id\":\"https:\\\/\\\/velarogverkfaeri.is\\\/honnunarlausnir\\\/lampar\\\/vegglampar\\\/product\\\/bolichwerke-bremen-zylinder-veggljos-400-a-s\\\/#primaryimage\"},\"thumbnailUrl\":\"https:\\\/\\\/velarogverkfaeri.is\\\/wp-content\\\/uploads\\\/2024\\\/06\\\/401eaf6a-d38a-485c-b683-43e0ab541e4a.jpg\",\"datePublished\":\"2023-10-10T11:08:33+00:00\",\"dateModified\":\"2025-08-29T06:16:57+00:00\",\"breadcrumb\":{\"@id\":\"https:\\\/\\\/velarogverkfaeri.is\\\/honnunarlausnir\\\/lampar\\\/vegglampar\\\/product\\\/bolichwerke-bremen-zylinder-veggljos-400-a-s\\\/#breadcrumb\"},\"inLanguage\":\"en-US\",\"potentialAction\":[{\"@type\":\"ReadAction\",\"target\":[\"https:\\\/\\\/velarogverkfaeri.is\\\/honnunarlausnir\\\/lampar\\\/vegglampar\\\/product\\\/bolichwerke-bremen-zylinder-veggljos-400-a-s\\\/\"]}]},{\"@type\":\"ImageObject\",\"inLanguage\":\"en-US\",\"@id\":\"https:\\\/\\\/velarogverkfaeri.is\\\/honnunarlausnir\\\/lampar\\\/vegglampar\\\/product\\\/bolichwerke-bremen-zylinder-veggljos-400-a-s\\\/#primaryimage\",\"url\":\"https:\\\/\\\/velarogverkfaeri.is\\\/wp-content\\\/uploads\\\/2024\\\/06\\\/401eaf6a-d38a-485c-b683-43e0ab541e4a.jpg\",\"contentUrl\":\"https:\\\/\\\/velarogverkfaeri.is\\\/wp-content\\\/uploads\\\/2024\\\/06\\\/401eaf6a-d38a-485c-b683-43e0ab541e4a.jpg\",\"width\":533,\"height\":485},{\"@type\":\"BreadcrumbList\",\"@id\":\"https:\\\/\\\/velarogverkfaeri.is\\\/honnunarlausnir\\\/lampar\\\/vegglampar\\\/product\\\/bolichwerke-bremen-zylinder-veggljos-400-a-s\\\/#breadcrumb\",\"itemListElement\":[{\"@type\":\"ListItem\",\"position\":1,\"name\":\"Home\",\"item\":\"https:\\\/\\\/velarogverkfaeri.is\\\/\"},{\"@type\":\"ListItem\",\"position\":2,\"name\":\"Vefverslun\",\"item\":\"https:\\\/\\\/velarogverkfaeri.is\\\/vefverslun\\\/\"},{\"@type\":\"ListItem\",\"position\":3,\"name\":\"BOLICHWERKE Bremen Zylinder Vegglampi 400 svart\"}]},{\"@type\":\"WebSite\",\"@id\":\"https:\\\/\\\/velarogverkfaeri.is\\\/en\\\/#website\",\"url\":\"https:\\\/\\\/velarogverkfaeri.is\\\/en\\\/\",\"name\":\"V\u00e9lar & Verkf\u00e6ri\",\"description\":\"Umbo\u00f0s- og heildverslun fr\u00e1 \u00e1rinu 1919\",\"publisher\":{\"@id\":\"https:\\\/\\\/velarogverkfaeri.is\\\/en\\\/#organization\"},\"potentialAction\":[{\"@type\":\"SearchAction\",\"target\":{\"@type\":\"EntryPoint\",\"urlTemplate\":\"https:\\\/\\\/velarogverkfaeri.is\\\/en\\\/?s={search_term_string}\"},\"query-input\":{\"@type\":\"PropertyValueSpecification\",\"valueRequired\":true,\"valueName\":\"search_term_string\"}}],\"inLanguage\":\"en-US\"},{\"@type\":\"Organization\",\"@id\":\"https:\\\/\\\/velarogverkfaeri.is\\\/en\\\/#organization\",\"name\":\"V\u00e9lar & Verkf\u00e6ri\",\"url\":\"https:\\\/\\\/velarogverkfaeri.is\\\/en\\\/\",\"logo\":{\"@type\":\"ImageObject\",\"inLanguage\":\"en-US\",\"@id\":\"https:\\\/\\\/velarogverkfaeri.is\\\/en\\\/#\\\/schema\\\/logo\\\/image\\\/\",\"url\":\"https:\\\/\\\/velarogverkfaeri.is\\\/wp-content\\\/uploads\\\/2021\\\/10\\\/vv_logo_350x100.png\",\"contentUrl\":\"https:\\\/\\\/velarogverkfaeri.is\\\/wp-content\\\/uploads\\\/2021\\\/10\\\/vv_logo_350x100.png\",\"width\":350,\"height\":100,\"caption\":\"V\u00e9lar & Verkf\u00e6ri\"},\"image\":{\"@id\":\"https:\\\/\\\/velarogverkfaeri.is\\\/en\\\/#\\\/schema\\\/logo\\\/image\\\/\"},\"sameAs\":[\"https:\\\/\\\/www.facebook.com\\\/VelarOgVerkfaeri\"]}]}<\/script>\n<!-- \/ Yoast SEO plugin. -->","yoast_head_json":{"title":"BOLICHWERKE Bremen Zylinder Vegglampi 400 svart - V\u00e9lar &amp; Verkf\u00e6ri","robots":{"index":"index","follow":"follow","max-snippet":"max-snippet:-1","max-image-preview":"max-image-preview:large","max-video-preview":"max-video-preview:-1"},"canonical":"https:\/\/velarogverkfaeri.is\/en\/honnunarlausnir\/lampar\/vegglampar\/product\/bolichwerke-bremen-zylinder-veggljos-400-a-s\/","og_locale":"en_US","og_type":"article","og_title":"BOLICHWERKE Bremen Zylinder Vegglampi 400 svart - V\u00e9lar &amp; Verkf\u00e6ri","og_description":"Tegund:&nbsp;400 A\/S W1600ATH a\u00f0eins 2 stk til \u00e1 lagerB\u00e6\u00f0i inni- og \u00fatilj\u00f3s!","og_url":"https:\/\/velarogverkfaeri.is\/en\/honnunarlausnir\/lampar\/vegglampar\/product\/bolichwerke-bremen-zylinder-veggljos-400-a-s\/","og_site_name":"V\u00e9lar &amp; Verkf\u00e6ri","article_publisher":"https:\/\/www.facebook.com\/VelarOgVerkfaeri","article_modified_time":"2025-08-29T06:16:57+00:00","og_image":[{"width":533,"height":485,"url":"https:\/\/velarogverkfaeri.is\/wp-content\/uploads\/2024\/06\/401eaf6a-d38a-485c-b683-43e0ab541e4a.jpg","type":"image\/jpeg"}],"twitter_card":"summary_large_image","twitter_misc":{"Est. reading time":"1 minute"},"schema":{"@context":"https:\/\/schema.org","@graph":[{"@type":"WebPage","@id":"https:\/\/velarogverkfaeri.is\/honnunarlausnir\/lampar\/vegglampar\/product\/bolichwerke-bremen-zylinder-veggljos-400-a-s\/","url":"https:\/\/velarogverkfaeri.is\/honnunarlausnir\/lampar\/vegglampar\/product\/bolichwerke-bremen-zylinder-veggljos-400-a-s\/","name":"BOLICHWERKE Bremen Zylinder Vegglampi 400 svart - V\u00e9lar &amp; Verkf\u00e6ri","isPartOf":{"@id":"https:\/\/velarogverkfaeri.is\/en\/#website"},"primaryImageOfPage":{"@id":"https:\/\/velarogverkfaeri.is\/honnunarlausnir\/lampar\/vegglampar\/product\/bolichwerke-bremen-zylinder-veggljos-400-a-s\/#primaryimage"},"image":{"@id":"https:\/\/velarogverkfaeri.is\/honnunarlausnir\/lampar\/vegglampar\/product\/bolichwerke-bremen-zylinder-veggljos-400-a-s\/#primaryimage"},"thumbnailUrl":"https:\/\/velarogverkfaeri.is\/wp-content\/uploads\/2024\/06\/401eaf6a-d38a-485c-b683-43e0ab541e4a.jpg","datePublished":"2023-10-10T11:08:33+00:00","dateModified":"2025-08-29T06:16:57+00:00","breadcrumb":{"@id":"https:\/\/velarogverkfaeri.is\/honnunarlausnir\/lampar\/vegglampar\/product\/bolichwerke-bremen-zylinder-veggljos-400-a-s\/#breadcrumb"},"inLanguage":"en-US","potentialAction":[{"@type":"ReadAction","target":["https:\/\/velarogverkfaeri.is\/honnunarlausnir\/lampar\/vegglampar\/product\/bolichwerke-bremen-zylinder-veggljos-400-a-s\/"]}]},{"@type":"ImageObject","inLanguage":"en-US","@id":"https:\/\/velarogverkfaeri.is\/honnunarlausnir\/lampar\/vegglampar\/product\/bolichwerke-bremen-zylinder-veggljos-400-a-s\/#primaryimage","url":"https:\/\/velarogverkfaeri.is\/wp-content\/uploads\/2024\/06\/401eaf6a-d38a-485c-b683-43e0ab541e4a.jpg","contentUrl":"https:\/\/velarogverkfaeri.is\/wp-content\/uploads\/2024\/06\/401eaf6a-d38a-485c-b683-43e0ab541e4a.jpg","width":533,"height":485},{"@type":"BreadcrumbList","@id":"https:\/\/velarogverkfaeri.is\/honnunarlausnir\/lampar\/vegglampar\/product\/bolichwerke-bremen-zylinder-veggljos-400-a-s\/#breadcrumb","itemListElement":[{"@type":"ListItem","position":1,"name":"Home","item":"https:\/\/velarogverkfaeri.is\/"},{"@type":"ListItem","position":2,"name":"Vefverslun","item":"https:\/\/velarogverkfaeri.is\/vefverslun\/"},{"@type":"ListItem","position":3,"name":"BOLICHWERKE Bremen Zylinder Vegglampi 400 svart"}]},{"@type":"WebSite","@id":"https:\/\/velarogverkfaeri.is\/en\/#website","url":"https:\/\/velarogverkfaeri.is\/en\/","name":"V\u00e9lar & Verkf\u00e6ri","description":"Umbo\u00f0s- og heildverslun fr\u00e1 \u00e1rinu 1919","publisher":{"@id":"https:\/\/velarogverkfaeri.is\/en\/#organization"},"potentialAction":[{"@type":"SearchAction","target":{"@type":"EntryPoint","urlTemplate":"https:\/\/velarogverkfaeri.is\/en\/?s={search_term_string}"},"query-input":{"@type":"PropertyValueSpecification","valueRequired":true,"valueName":"search_term_string"}}],"inLanguage":"en-US"},{"@type":"Organization","@id":"https:\/\/velarogverkfaeri.is\/en\/#organization","name":"V\u00e9lar & Verkf\u00e6ri","url":"https:\/\/velarogverkfaeri.is\/en\/","logo":{"@type":"ImageObject","inLanguage":"en-US","@id":"https:\/\/velarogverkfaeri.is\/en\/#\/schema\/logo\/image\/","url":"https:\/\/velarogverkfaeri.is\/wp-content\/uploads\/2021\/10\/vv_logo_350x100.png","contentUrl":"https:\/\/velarogverkfaeri.is\/wp-content\/uploads\/2021\/10\/vv_logo_350x100.png","width":350,"height":100,"caption":"V\u00e9lar & Verkf\u00e6ri"},"image":{"@id":"https:\/\/velarogverkfaeri.is\/en\/#\/schema\/logo\/image\/"},"sameAs":["https:\/\/www.facebook.com\/VelarOgVerkfaeri"]}]}},"_links":{"self":[{"href":"https:\/\/velarogverkfaeri.is\/en\/wp-json\/wp\/v2\/product\/51544","targetHints":{"allow":["GET"]}}],"collection":[{"href":"https:\/\/velarogverkfaeri.is\/en\/wp-json\/wp\/v2\/product"}],"about":[{"href":"https:\/\/velarogverkfaeri.is\/en\/wp-json\/wp\/v2\/types\/product"}],"replies":[{"embeddable":true,"href":"https:\/\/velarogverkfaeri.is\/en\/wp-json\/wp\/v2\/comments?post=51544"}],"wp:featuredmedia":[{"embeddable":true,"href":"https:\/\/velarogverkfaeri.is\/en\/wp-json\/wp\/v2\/media\/61444"}],"wp:attachment":[{"href":"https:\/\/velarogverkfaeri.is\/en\/wp-json\/wp\/v2\/media?parent=51544"}],"wp:term":[{"taxonomy":"product_brand","embeddable":true,"href":"https:\/\/velarogverkfaeri.is\/en\/wp-json\/wp\/v2\/product_brand?post=51544"},{"taxonomy":"product_cat","embeddable":true,"href":"https:\/\/velarogverkfaeri.is\/en\/wp-json\/wp\/v2\/product_cat?post=51544"},{"taxonomy":"product_tag","embeddable":true,"href":"https:\/\/velarogverkfaeri.is\/en\/wp-json\/wp\/v2\/product_tag?post=51544"}],"curies":[{"name":"wp","href":"https:\/\/api.w.org\/{rel}","templated":true}]}}